{"id":509,"date":"2024-07-31T18:10:07","date_gmt":"2024-07-31T16:10:07","guid":{"rendered":"https:\/\/susalu.pt\/?post_type=retreat&#038;p=509"},"modified":"2025-12-15T11:56:19","modified_gmt":"2025-12-15T10:56:19","slug":"coaching-retreats","status":"publish","type":"retreat","link":"https:\/\/susalu.pt\/de\/Retreat\/coaching-retreats\/","title":{"rendered":"Coaching Retreats"},"content":{"rendered":"<div class=\"wp-block-susalu-plus-mosaic-grid\">\n<div class=\"wp-block-susalu-plus-mosaic-grid-row retreats-coaching _0\">\n<div class=\"wp-block-susalu-plus-mosaic-section-innerblock-svg left _0 center\"><svg viewbox=\"0 0 990.57 463.28\" width=\"103.18437499999999%\" preserveaspectratio=\"none\" fill=\"transparent\" class=\"image-mobile svg-fill\" style=\"color:\"><clippath id=\"retreats-coaching0cp\" style=\"transform:translateY(61%)\"><use href=\"#retreats-coaching0heart\"><\/use><\/clippath><image clip-path=\"url(#retreats-coaching0cp)\" href=\"https:\/\/susalu.pt\/wp-content\/uploads\/2024\/07\/coaching-retreats.jpeg\" width=\"100%\" style=\"transform:translateY(-61%)\"><\/image><path id=\"retreats-coaching0heart\" d=\"m990.57,0H0v433.71c116.25,10.28,152.59,29.58,359.89,29.58,282.53,0,317.57-38.85,600.11-38.85,2.3,0,4.58,0,6.85,0-4.66-28.81-7.85-62.41-7.85-106.4,0-160.34,30.53-163.08,31.58-318.05\"><\/path><\/svg><div class=\"su-mobile-only background-divider\"><div class=\"divider\"><div class=\"paper\"><\/div><div class=\"colored-bg\" style=\"background-color:#5C849F\"><\/div><\/div><div class=\"divider\"><div class=\"paper\"><\/div><div class=\"colored-bg\" style=\"background-color:#FFB633\"><\/div><\/div><\/div><div class=\"outer-positioner\"><div class=\"content-positioner\"><div class=\"content-wrapper\"><\/div><\/div><\/div><\/div>\n\n\n\n<div class=\"wp-block-susalu-plus-mosaic-section-innerblock-svg right _1 center\"><svg viewbox=\"0 0 965 460.04\" width=\"100.52083333333333%\" preserveaspectratio=\"none\" fill=\"#FFB633\" class=\"su-screen-only svg-fill  hideBorder\" style=\"color:\"><clippath id=\"retreats-coaching1cp\" style=\"transform:translateY(0%)\"><use href=\"#retreats-coaching1heart\"><\/use><\/clippath><path id=\"retreats-coaching1heart\" d=\"m33.58,2C32.53,156.96,2,159.7,2,320.05c0,43.99,3.19,77.58,7.85,106.4,275.71.51,277.99,31.6,558.22,31.6,190.62,0,265.12-23.23,394.93-32.38V2H33.58Z\"><\/path><image class=\"shape\" clip-path=\"url(#retreats-coaching1cp)\" href=\"\/wp-content\/plugins\/susalu-plus\/assets\/svg\/svg-container\/paper.jpg\" width=\"100%\" height=\"100%\" preserveaspectratio=\"none\"><\/image><path class=\"path-border\" d=\"m33.58,2C32.53,156.96,2,159.7,2,320.05c0,43.99,3.19,77.58,7.85,106.4,275.71.51,277.99,31.6,558.22,31.6,190.62,0,265.12-23.23,394.93-32.38V2H33.58Z\"><\/path><\/svg><div class=\"su-mobile-only background-divider\"><div class=\"divider\"><div class=\"paper\"><\/div><div class=\"colored-bg\" style=\"background-color:#FFB633\"><\/div><\/div><div class=\"divider\"><div class=\"colored-bg\" style=\"background-color:transparent\"><\/div><\/div><\/div><div class=\"outer-positioner\"><div class=\"content-positioner\"><div class=\"content-wrapper\">\n<h1 class=\"wp-block-heading is-style-H1 has-su-white-color has-text-color has-link-color wp-elements-d5d0864461b632abe24eab652144379e\">Coaching Retreats<\/h1>\n\n\n\n<h2 class=\"wp-block-heading is-style-H4 has-su-white-color has-text-color has-link-color wp-elements-96e0e3289f61c0df567409f444ee4614\">Transformations oder Motivations Coaching<\/h2>\n<\/div><\/div><div class=\"background-mobile su-mobile-only\" style=\"background-color:#FFB633;\"><\/div><\/div><\/div>\n<\/div>\n<\/div>\n\n\n\n<div style=\"height:2rem\" aria-hidden=\"true\" class=\"wp-block-spacer\"><\/div>\n\n\n\n<div style=\"height:2rem\" aria-hidden=\"true\" class=\"wp-block-spacer su-mobile-only\"><\/div>\n\n\n\n<div class=\"wp-block-group is-style-section is-layout-flow wp-block-group-is-layout-flow\">\n<div class=\"wp-block-columns su-display-flex-column-950 is-layout-flex wp-container-core-columns-is-layout-67b3f35a wp-block-columns-is-layout-flex\">\n<div class=\"wp-block-column is-layout-flow wp-block-column-is-layout-flow\" style=\"flex-basis:33%\">\n<div class=\"wp-block-susalu-plus-dynamic-svg-container\"><div class=\"svg-container\"><svg class=\"svg-head\" viewbox=\"0 0 548.96 116.32\"><path d=\"m347.43,99.35c2.62-2.56,5.33-4.78,9.28-6.09,15-5,17.38,5,17.38,5-1.1-2.29-11.27-3.56-12.63,5.59-1.36,9.15,6.17,12.45,11.57,12.45,14.45,0,17.96-7.28,24.95-16.95,6.99-9.66,16.28-23.65,29.5-24.67,13.22-1.02,18.95,8.39,18.95,8.39-14.75-2.42-25.48,11.56-17.55,23.27,6.75,9.95,20.28,11.44,31.33-.38,3.57-3.82,7.52-9.92,16-12.72,15.02-4.96,17.91,5,17.91,5-3.65-2.53-11.57-1.66-12.63,5.59-1.34,9.16,9.34,12.45,17.47,12.45h50c0-121.5,0-78.78,0-100.93,0-3.17-2.33-5.85-5.47-6.27C484.16,1.09-.84-6.01,4.28,7.9,2.16,12.83.8-25.47,0,116.32h313.98c19.63,0,24.49-8.21,33.45-16.97Z\" fill=\"#FFDA99\"><\/path><\/svg><div class=\"svg-middle\"><div class=\"wrapper\" style=\"border-color:#FFDA99\">\n<div class=\"wp-block-susalu-plus-retreats-summary\"><div><strong>Standort<\/strong><p>Der Retreat findet in einem kleinem, privaten Retreat Center statt - an einem der s\u00fcdwestlichsten Punkte Europas, am offenen Atlantik im Naturschutzpark Costa Vicentina, liegt Monte Queimadinho.<\/p><\/div><div class=\"section-included\"><strong>Inkludiert<\/strong><ul><li>7 \u00dcbernachtungen in Einzelzimmern<\/li><li>Beratung &amp; Buchung f\u00fcr An- und Abreise<\/li><li>Vollpension mit pflanzlicher\/ vegetarischer Kost \u00fcberwiegend BIO<\/li><\/ul><\/div><div><strong>Kosten<\/strong><ul><li><p>\u20ac2300*- Focus Motivations Coaching<\/p><\/li><li><p>\u20ac2700* \u2013 Focus Transformations Coaching<\/p><\/li><\/ul><p class=\"section-cost-info\">*exclusive Flug und Transfer<\/p><\/div><div><strong>Termine<\/strong><ul><li><div class=\"date\"><span><span>M\u00e4rz <\/span>14-21, 2026<\/span><\/div><\/li><\/ul><\/div><div><strong>Zus\u00e4tzliche Informationen<\/strong><p>Dieses Angebot ist f\u00fcr maximal drei Personen zugeschnitten, mit Unterbringung im Haupthaus in Privatzimmern und gemeinsam genutzten Badezimmer. Mehr Informationen \u00fcber die <a href=\"https:\/\/susalu.pt\/de\/ferienvemietung\/\" data-type=\"page\" data-id=\"25\">Unterkunft<\/a> oder <a href=\"https:\/\/susalu.pt\/de\/retreats\/\" data-type=\"page\" data-id=\"19\">\u00fcber Retreats in Monte Queimadinho<\/a> im allgemeinen.<\/p><\/div><\/div>\n<\/div><\/div><svg class=\"svg-foot\" viewbox=\"0 0 549.71 131.45\"><path d=\"m482.33,29.24c1.06-7.26,8.98-8.13,12.63-5.6,0,0-2.89-9.96-17.91-5-8.48,2.8-12.43,8.9-16,12.72-11.05,11.82-24.59,10.34-31.34.38-7.94-11.71,2.8-25.69,17.55-23.27,0,0-5.72-9.41-18.95-8.39-13.23,1.02-22.51,15.01-29.5,24.67-6.99,9.66-10.5,16.95-24.96,16.95-5.4,0-12.93-3.3-11.57-12.45,1.36-9.16,11.53-7.88,12.63-5.6,0,0-2.37-10-17.38-5-3.95,1.32-6.67,3.54-9.28,6.09-8.96,8.76-13.82,16.97-33.45,16.97H0c.05,30.48.1,60.47.17,89.75l549.51-1.55c.01-28.81.02-58.28.03-88.21h-49.9c-8.14,0-18.82-3.3-17.48-12.45Z\" fill=\"#FFDA99\"><\/path><\/svg><\/div><\/div>\n<\/div>\n\n\n\n<div class=\"wp-block-column is-layout-flow wp-block-column-is-layout-flow\" style=\"flex-basis:66%\">\n<div class=\"wp-block-columns are-vertically-aligned-top is-layout-flex wp-container-core-columns-is-layout-6b276c36 wp-block-columns-is-layout-flex\">\n<div class=\"wp-block-column is-vertically-aligned-top is-layout-flow wp-block-column-is-layout-flow\" style=\"flex-basis:50%\">\n<div class=\"wp-block-susalu-plus-svg-image svg-image\"><svg viewbox=\"0 0 458.08 617.34\" height=\"100%\" class=\"svg-image\" fill=\"transparent\"><clippath id=\"retreats-0ff157c125be1a8cp\" style=\"transform:translateY(0%)\"><use href=\"#retreats-0ff157c125be1a8\"><\/use><\/clippath><image clip-path=\"url(#retreats-0ff157c125be1a8cp)\" href=\"https:\/\/susalu.pt\/wp-content\/uploads\/2024\/07\/coaching-retreats-beach.jpeg\" height=\"100%\" style=\"transform:translateY(-0%)\"><\/image><path id=\"retreats-0ff157c125be1a8\" d=\"m457.33,600.9c.22,8.38-2.93,15.48-6.95,15.64-57.47,2.39-396.9-1.5-444.35-.51-2.63.06-4.77-4.34-4.8-9.82C.89,533.91-1.1,91.45.83,15.18c.15-5.76,2.44-10.25,5.2-10.18,45.93,1.02,403.01-10.29,447.59-1.85,2.56.48,4.5,5,4.46,10.36-.43,66.56-3.07,498.88-.75,587.4Z\"><\/path><\/svg><\/div>\n<\/div>\n\n\n\n<div class=\"wp-block-column is-vertically-aligned-top is-layout-flow wp-block-column-is-layout-flow\" style=\"flex-basis:50%\">\n<div class=\"wp-block-susalu-plus-svg-image svg-image  su-screen-only\"><svg viewbox=\"0 0 458.08 617.34\" height=\"100%\" class=\"svg-image\" fill=\"transparent\"><clippath id=\"retreats-132cad0e83725b8cp\" style=\"transform:translateY(0%)\"><use href=\"#retreats-132cad0e83725b8\"><\/use><\/clippath><image clip-path=\"url(#retreats-132cad0e83725b8cp)\" href=\"https:\/\/susalu.pt\/wp-content\/uploads\/2024\/07\/coaching-retreats-1-scaled.jpg\" width=\"100%\" style=\"transform:translateY(-0%)\"><\/image><path id=\"retreats-132cad0e83725b8\" d=\"m.75,16.43C.53,8.05,3.68.96,7.7.79c57.47-2.39,396.9,1.5,444.35.51,2.63-.06,4.77,4.34,4.8,9.82.34,72.32,2.33,514.78.41,591.04-.15,5.76-2.44,10.25-5.2,10.18-45.93-1.02-403.01,10.29-447.59,1.85-2.56-.48-4.5-5-4.46-10.36C.43,537.27,3.07,104.95.75,16.43Z\"><\/path><\/svg><\/div>\n<\/div>\n<\/div>\n\n\n\n<div style=\"height:2rem\" aria-hidden=\"true\" class=\"wp-block-spacer\"><\/div>\n\n\n\n<p>Hier bietet sich Dir die M\u00f6glichkeit, auf eine der spannendsten Entdeckungsreisen deines Lebens zu gehen. Das Abendteuer dich selbst zu erforschen, deinen Seinspotentialen zu begegnen, und dich dabei begleiten zu lassen, diese ins Leben zu integrieren und voll aus ihnen zu sch\u00f6pfen.<\/p>\n\n\n\n<p><br>Ich lade dich ein, in die Ruhe zu kommen, einen Raum zu \u00f6ffnen, indem du deine eigene Stimme h\u00f6ren kannst. In dem der L\u00e4rm des Lebens, den Ablenkungen des Alltags bewusst keine Beachtung geschenkt werden, sondern Du ganz im Hier und Jetzt bist.<\/p>\n\n\n\n<p><br>Ganz individuell lassen sich die Tage deines pers\u00f6nlichen Coaching-retreats in privater Atmosph\u00e4re gestalten. Du entscheidest wie aktiv&amp; intensiv deine Teilnahme an morgendlichen Yoga und Meditation Stunden, an Seinspotential Einzel- und Gruppen Coachings und an den Ausfl\u00fcgen zu den herrlichen Str\u00e4nden des Naturschutzparkes der Costa Vicentina aussieht.<\/p>\n\n\n\n<p><br><strong>W\u00e4hrend deines Aufenthalts konzentrieren wir uns entweder auf deine pers\u00f6nliche Motivations- oder Transformationsentwicklung - Du hast die Wahl. Folge diesen Links, um mehr \u00fcber die beiden Arten von Coaching zu erfahren.<\/strong><\/p>\n\n\n\n<div style=\"height:1rem\" aria-hidden=\"true\" class=\"wp-block-spacer\"><\/div>\n\n\n\n<div class=\"wp-block-group su-mobile-flex-column is-content-justification-space-between is-nowrap is-layout-flex wp-container-core-group-is-layout-cb46ffcb wp-block-group-is-layout-flex\">\n<div class=\"wp-block-susalu-plus-styled-button leftAligned\t\t\thover-blue btn variant-0 primary undefined\"><div class=\"btn-wrapper\" style=\"background-color:#FFEDCC;border-color:#FFEDCC\"><div class=\"btn-link\"><a data-type=\"page\" data-id=\"17\" href=\"https:\/\/susalu.pt\/de\/coaching\/seinspotentiale-transformationscoaching\/\">Transformations Coaching<\/a><\/div><\/div><\/div>\n\n\n\n<div class=\"wp-block-susalu-plus-styled-button leftAligned\t\t\thover-blue btn variant-0 primary undefined variant-1\"><div class=\"btn-wrapper\" style=\"background-color:#FFEDCC;border-color:#FFEDCC\"><div class=\"btn-link\"><a data-type=\"page\" data-id=\"15\" href=\"https:\/\/susalu.pt\/de\/coaching\/seinspotentiale-motivationscoaching\/\">Motivations Coaching<\/a><\/div><\/div><\/div>\n<\/div>\n\n\n\n<div style=\"height:1rem\" aria-hidden=\"true\" class=\"wp-block-spacer su-tablet-mobile-only\"><\/div>\n<\/div>\n<\/div>\n<\/div>\n\n\n\n<div class=\"wp-block-group is-style-section su-display-min-1200 is-layout-flow wp-block-group-is-layout-flow\">\n<div class=\"wp-block-susalu-plus-svg-container svg-container  \t\t\t \t\t\tshowBorder\t\t\tslimFit\t\t\t}\" color=\"rgb(243,238,233)\"><svg viewbox=\"0 0 1112.5 1264.09\" height=\"100%\" width=\"100%\" fill=\"rgb(243,238,233)\" preserveaspectratio=\"none\" class=\"\"><clippath id=\"svg-container-path3c507588331378cp\"><use href=\"#svg-container-path3c507588331378shape\"><\/use><\/clippath><path id=\"svg-container-path3c507588331378shape\" d=\"m1111.76,1241.02c0,3.25-2.55,5.92-5.79,6.06-86.89,3.49-1112.14,29.04-1095.31,10.08C-1.3,1248.39-5.77,18.87,11.01,0c4.04,12.64,1109.54-10.61,1098.65,9.21,5-38.69,1.82,1137.97,2.1,1231.81Z\"><\/path><image class=\"shape\" clip-path=\"url(#svg-container-path3c507588331378cp)\" href=\"\/wp-content\/plugins\/susalu-plus\/assets\/svg\/svg-container\/paper.jpg\" width=\"100%\" height=\"100%\" preserveaspectratio=\"none\"><\/image><\/svg><div class=\"content-wrapper\">\n<table class=\"susalu-plus-table\"><thead><tr><th><\/th><th><div class=\"header-wrapper is-style-H5\">Motivations Coaching<\/div><\/th><th><div class=\"header-wrapper is-style-H5\">Transformations Coaching<\/div><\/th><\/tr><\/thead><tbody><tr class=\"section-header\"><td><h3>Vor Portugal<\/h3><\/td><td><\/td><td><\/td><\/tr><tr class=\"entry\"><td><p>Potential Analysis<\/p><p class=\"is-style-small-body-copy\">Ausf\u00fchrliche Informationen zu deinen individuellen Seinspotentialen mit \u00dcbungen und Hinweisen, um sie Tag f\u00fcr Tag intensiver zu nutzen, um auch gro\u00dfen Ver\u00e4nderungen stark und ausdauernd begegnenzu k\u00f6nnen und dein gesetztes Ziel zu erreichen<\/p><\/td><td><div class=\"ticked\"><\/div><\/td><td><div class=\"ticked\"><\/div><\/td><\/tr><tr class=\"entry\"><td><p>Coachings\/ Gespr\u00e4chseinheiten via Zoom<\/p><\/td><td><p>4<\/p><\/td><td><p>6<\/p><\/td><\/tr><tr class=\"section-header\"><td><h3>In Portugal<\/h3><\/td><td><\/td><td><\/td><\/tr><tr class=\"entry\"><td><p>Einzelcoachings<\/p><\/td><td><p>3<\/p><\/td><td><p>3<\/p><\/td><\/tr><tr class=\"entry\"><td><p>Gruppencoachings pro Teilnehmer<\/p><\/td><td><p>3<\/p><\/td><td><p>3<\/p><\/td><\/tr><tr class=\"section-header\"><td><h3>Nach Portugal<\/h3><\/td><td><\/td><td><\/td><\/tr><tr class=\"entry\"><td><p>Coachings\/ Gespr\u00e4chseinheiten via Zoom<\/p><p class=\"is-style-small-body-copy\">Um die in Portugal erreichten Erkenntnisse in den Alltag zu integrieren und zu festigen.<\/p><\/td><td><p>4<\/p><\/td><td><p>6<\/p><\/td><\/tr><tr><td><\/td><td><p class=\"is-style-quote price\">2300\u20ac<\/p><\/td><td><p class=\"is-style-quote price\">2700\u20ac<\/p><\/td><\/tr><\/tbody><\/table>\n<\/div><\/div>\n<\/div>\n\n\n\n<div class=\"wp-block-group is-style-section-x su-display-max-1200 is-layout-flow wp-block-group-is-layout-flow\">\n<div class=\"wp-block-susalu-plus-svg-container svg-container  \t\t\t \t\t\t\t\t\t\t\t\t}\" color=\"#FFB633\"><svg viewbox=\"0 0 348.8 329.68\" height=\"100%\" width=\"100%\" fill=\"#FFB633\" preserveaspectratio=\"none\" class=\"\"><clippath id=\"svg-container-path8189a9e96d823cp\"><use href=\"#svg-container-path8189a9e96d823shape\"><\/use><\/clippath><path id=\"svg-container-path8189a9e96d823shape\" d=\"m339.09,329.5c-39.16-.22-294.58-1.89-333.39.18-2.81.15-5.19-2.02-5.28-4.83C-.84,282.55.66-.84,5.9,0c.03.38,304.56.45,340.11,1.78,1.66.06,2.92,1.48,2.78,3.13-2.55,31.03-4.74,280.67-4.68,319.58,0,2.78-2.24,5.02-5.02,5Z\"><\/path><image class=\"shape\" clip-path=\"url(#svg-container-path8189a9e96d823cp)\" href=\"\/wp-content\/plugins\/susalu-plus\/assets\/svg\/svg-container\/paper.jpg\" width=\"100%\" height=\"100%\" preserveaspectratio=\"none\"><\/image><\/svg><div class=\"content-wrapper\">\n<h3 class=\"wp-block-heading has-text-align-center is-style-H3 hide has-su-white-color has-text-color has-link-color wp-elements-012655802b32bc96ddd77862684e6398\">Motivations Coaching<\/h3>\n\n\n\n<hr class=\"wp-block-separator has-text-color has-su-white-color has-alpha-channel-opacity has-su-white-background-color has-background su-width-100\" style=\"margin-top:1rem;margin-bottom:1rem\"\/>\n\n\n\n<h4 class=\"wp-block-heading has-text-align-center is-style-H4 su-no-padding has-su-white-color has-text-color has-link-color wp-elements-1b22d9762a603354a698bb4185a970b4\">Vor Portugal<\/h4>\n\n\n\n<p class=\"has-text-align-center has-su-white-color has-text-color has-link-color wp-elements-ac13782d4ecd962c903841d5354aa084\">Potential Analysis<\/p>\n\n\n\n<p class=\"has-text-align-center is-style-default has-su-white-color has-text-color has-link-color has-small-font-size wp-elements-e1bd90b7ff23fea3942ce0d4c52fc61d\">Ausf\u00fchrliche Informationen zu deinen individuellen Seinspotentialen mit \u00dcbungen und Hinweisen, um sie Tag f\u00fcr Tag intensiver zu nutzen, um auch gro\u00dfen Ver\u00e4nderungen stark und ausdauernd begegnenzu k\u00f6nnen und dein gesetztes Ziel zu erreichen<\/p>\n\n\n\n<div style=\"height:0.5rem\" aria-hidden=\"true\" class=\"wp-block-spacer\"><\/div>\n\n\n\n<div class=\"wp-block-susalu-plus-svg-container svg-container onlySVG  \t\t\t \t\t\t\t\t\t\t\t\t}\" color=\"rgb(255,255,255)\"><svg viewbox=\"0 0 62.16 55.17\" height=\"100%\" width=\"45px\" fill=\"rgb(255,255,255)\" preserveaspectratio=\"none\" class=\"\"><path d=\"m3.34,14.43c-.82,1.49-1.5,3.05-2.03,4.67-.32.79-.45,1.63-.66,2.45-.23.8-.31,1.7-.43,2.56l-.09.65-.04.32v.29s-.05,1.19-.05,1.19l-.03.59v.29s-.01.15-.01.15v.14h0v.11l.08,1.26.09,1.26c.05.42.13.83.2,1.25l.2,1.25c.06.42.2.82.31,1.22.55,2.97,1.61,5.9,3.24,8.53,1.62,2.62,3.72,4.98,6.18,6.91,2.46,1.92,5.28,3.43,8.28,4.4l2.29.61c.78.18,1.62.28,2.43.41l.61.09.54.04,1.07.06.54.03h.27s.14.03.14.03h.28l1.19-.05c6.32-.27,12.52-2.88,17.16-7.16,2.33-2.13,4.28-4.67,5.76-7.46.75-1.4,1.35-2.83,1.86-4.37l.36-1.18.18-.6c.05-.19.08-.36.11-.53l.23-1.05.11-.52.03-.13.05-.26.05-.29c.19-1.12-.17-2.91-.48-3.44-.31-.52-.6-.43-.85.01-.27.46-.52,1.27-.82,2.23-1.05,3.14-2.42,6.36-4.51,9.25-2.08,2.89-4.72,5.53-7.85,7.46-3.72,2.4-8.13,3.54-12.5,3.51h-.33s-.45-.04-.45-.04l-.89-.06-.89-.06c-.28-.04-.52-.09-.78-.14-.51-.1-1.02-.18-1.53-.28l-1.57-.43c-2.05-.68-4.07-1.52-5.85-2.75-1.79-1.21-3.47-2.59-4.84-4.26-1.38-1.65-2.62-3.43-3.48-5.42-.87-1.99-1.55-4.05-1.84-6.2l-.14-.8c-.04-.27-.04-.53-.06-.8l-.05-.81-.03-.41v-.2s-.03-.1-.03-.1v-.08h0s.05-1.71.05-1.71c.01-.29,0-.62.04-.88l.1-.77c.1-.51.14-.99.29-1.52l.43-1.54c.13-.52.38-1.01.55-1.5l.29-.75c.1-.25.24-.48.34-.73,1.46-3.05,3.61-5.76,6.21-7.9,2.64-2.1,5.71-3.62,8.97-4.42,6.54-1.64,13.74-.24,19.26,3.78,1.99,1.42,3.61,2.95,4.74,3.65-2.43,2.56-4.86,5.16-7.29,7.72-3.84,2.87-7.37,6.12-10.81,9.5-2.8-2.79-5.63-5.57-8.34-8.46-.32-.34-1.15-.55-1.53-.48-.77.11-.71.9-.38,1.81,1.12,3,3.2,5.91,5.63,8.57l3.21,3.53c.7.78,1.9.83,2.66.13l.13-.13c5.25-4.75,10.49-9.52,15.3-14.78l2.4-2.18c5-4.66,9.89-9.44,14.35-14.62,1.26-1.47,1.99-3.02,1.07-3.73-.84-.65-2.36-.24-3.85,1.07-2.69,2.36-5.4,4.73-7.93,7.26-1.06,1.07-2.1,2.15-3.15,3.24-.09-.28-.22-.57-.38-.89-.62-1.27-1.82-2.88-3.63-4.36-3.24-2.64-7.15-4.54-11.32-5.39l-1.55-.23-1.64-.18-1.48-.08h-.46s-.4.02-.4.02l-.8.03c-.54.04-1.07.01-1.59.1l-1.58.23-.79.11-.78.19-1.54.4c-6.58,1.99-12.26,6.63-15.54,12.59\"><\/path><\/svg><\/div>\n\n\n\n<div style=\"height:1rem\" aria-hidden=\"true\" class=\"wp-block-spacer\"><\/div>\n\n\n\n<p class=\"has-text-align-center has-su-white-color has-text-color has-link-color wp-elements-ab7514b0b38118cb7660ee4a8565580f\">Coachings\/ Gespr\u00e4chseinheiten via Zoom<\/p>\n\n\n\n<p class=\"has-text-align-center has-su-white-color has-text-color has-link-color wp-elements-cccfa21f381dd6459e8a7f24204599b8\">4<\/p>\n\n\n\n<hr class=\"wp-block-separator has-text-color has-su-white-color has-alpha-channel-opacity has-su-white-background-color has-background su-width-100\" style=\"margin-top:1rem;margin-bottom:1rem\"\/>\n\n\n\n<h4 class=\"wp-block-heading has-text-align-center is-style-H4 su-no-padding has-su-white-color has-text-color has-link-color wp-elements-185f5c53a297fbcac5e986ca2ca88798\">In Portugal<\/h4>\n\n\n\n<p class=\"has-text-align-center has-su-white-color has-text-color has-link-color wp-elements-3b969594dd19b124ec0f158599572854\">Einzelcoachings<\/p>\n\n\n\n<p class=\"has-text-align-center has-su-white-color has-text-color has-link-color wp-elements-40637ee45ac3a5ed9dcacd43120d84ba\">3<\/p>\n\n\n\n<div style=\"height:1rem\" aria-hidden=\"true\" class=\"wp-block-spacer\"><\/div>\n\n\n\n<p class=\"has-text-align-center has-su-white-color has-text-color has-link-color wp-elements-9aa761d95257c698fa93e4af8a942eef\">Gruppencoachings pro Teilnehmer<\/p>\n\n\n\n<p class=\"has-text-align-center has-su-white-color has-text-color has-link-color wp-elements-40637ee45ac3a5ed9dcacd43120d84ba\">3<\/p>\n\n\n\n<hr class=\"wp-block-separator has-text-color has-su-white-color has-alpha-channel-opacity has-su-white-background-color has-background su-width-100\" style=\"margin-top:1rem;margin-bottom:1rem\"\/>\n\n\n\n<h4 class=\"wp-block-heading has-text-align-center is-style-H4 su-no-padding has-su-white-color has-text-color has-link-color wp-elements-e538a9713386cf638941506b11e580e7\">Nach Portugal<\/h4>\n\n\n\n<p class=\"has-text-align-center has-su-white-color has-text-color has-link-color wp-elements-ab7514b0b38118cb7660ee4a8565580f\">Coachings\/ Gespr\u00e4chseinheiten via Zoom<\/p>\n\n\n\n<p class=\"has-text-align-center has-su-white-color has-text-color has-link-color has-small-font-size wp-elements-6b84f98c420eab12f4467bc8f302131d\">Um die in Portugal erreichten Erkenntnisse in den Alltag zu integrieren und zu festigen.<\/p>\n\n\n\n<p class=\"has-text-align-center has-su-white-color has-text-color has-link-color wp-elements-cccfa21f381dd6459e8a7f24204599b8\">4<\/p>\n\n\n\n<hr class=\"wp-block-separator has-text-color has-su-white-color has-alpha-channel-opacity has-su-white-background-color has-background su-width-100\" style=\"margin-top:1rem;margin-bottom:1rem\"\/>\n\n\n\n<p class=\"has-text-align-center is-style-quote-bold has-su-white-color has-text-color has-link-color wp-elements-1cd1f46936f1267e69d68a67db7ce61e\">\u20ac2300<\/p>\n\n\n\n<hr class=\"wp-block-separator has-text-color has-su-white-color has-alpha-channel-opacity has-su-white-background-color has-background su-width-100\" style=\"margin-top:1rem;margin-bottom:1rem\"\/>\n<\/div><\/div>\n\n\n\n<div style=\"height:2rem\" aria-hidden=\"true\" class=\"wp-block-spacer\"><\/div>\n<\/div>\n\n\n\n<div class=\"wp-block-group is-style-section-x su-display-max-1200 is-layout-flow wp-block-group-is-layout-flow\">\n<div class=\"wp-block-susalu-plus-svg-container svg-container  \t\t\t \t\t\t\t\t\t\t\t\t}\" color=\"#5C849F\"><svg viewbox=\"0 0 348.42 334.1\" height=\"100%\" width=\"100%\" fill=\"#5C849F\" preserveaspectratio=\"none\" class=\"\"><clippath id=\"svg-container-path6e8cf7c6e23e7cp\"><use href=\"#svg-container-path6e8cf7c6e23e7shape\"><\/use><\/clippath><path id=\"svg-container-path6e8cf7c6e23e7shape\" d=\"m343.07,334.09c-39.92-2.73-298.48-2.03-335.14-2.14-2.6,0-4.77-2-4.97-4.6C.11,290.73-2.78,40.96,5.09,4.2,5.61,1.73,7.79-.03,10.32,0c36.29.44,305.71,1.9,330.22,3.2,1.04.06,1.87.87,1.95,1.91,1.81,23.88,6.23,282.76,5.92,324.04-.02,2.88-2.47,5.14-5.34,4.94Z\"><\/path><image class=\"shape\" clip-path=\"url(#svg-container-path6e8cf7c6e23e7cp)\" href=\"\/wp-content\/plugins\/susalu-plus\/assets\/svg\/svg-container\/paper.jpg\" width=\"100%\" height=\"100%\" preserveaspectratio=\"none\"><\/image><\/svg><div class=\"content-wrapper\">\n<h3 class=\"wp-block-heading has-text-align-center is-style-H3 hide has-su-white-color has-text-color has-link-color wp-elements-8794bdf586d92cea38ec8ecd98e29e16\">Transformations Coaching<\/h3>\n\n\n\n<hr class=\"wp-block-separator has-text-color has-su-white-color has-alpha-channel-opacity has-su-white-background-color has-background su-width-100\" style=\"margin-top:1rem;margin-bottom:1rem\"\/>\n\n\n\n<h4 class=\"wp-block-heading has-text-align-center is-style-H4 su-no-padding has-su-white-color has-text-color has-link-color wp-elements-1b22d9762a603354a698bb4185a970b4\">Vor Portugal<\/h4>\n\n\n\n<p class=\"has-text-align-center has-su-white-color has-text-color has-link-color wp-elements-ac13782d4ecd962c903841d5354aa084\">Potential Analysis<\/p>\n\n\n\n<p class=\"has-text-align-center is-style-default has-su-white-color has-text-color has-link-color has-small-font-size wp-elements-e1bd90b7ff23fea3942ce0d4c52fc61d\">Ausf\u00fchrliche Informationen zu deinen individuellen Seinspotentialen mit \u00dcbungen und Hinweisen, um sie Tag f\u00fcr Tag intensiver zu nutzen, um auch gro\u00dfen Ver\u00e4nderungen stark und ausdauernd begegnenzu k\u00f6nnen und dein gesetztes Ziel zu erreichen<\/p>\n\n\n\n<div style=\"height:0.5rem\" aria-hidden=\"true\" class=\"wp-block-spacer\"><\/div>\n\n\n\n<div class=\"wp-block-susalu-plus-svg-container svg-container onlySVG  \t\t\t \t\t\t\t\t\t\t\t\t}\" color=\"rgb(255,255,255)\"><svg viewbox=\"0 0 62.16 55.17\" height=\"100%\" width=\"45px\" fill=\"rgb(255,255,255)\" preserveaspectratio=\"none\" class=\"\"><path d=\"m3.34,14.43c-.82,1.49-1.5,3.05-2.03,4.67-.32.79-.45,1.63-.66,2.45-.23.8-.31,1.7-.43,2.56l-.09.65-.04.32v.29s-.05,1.19-.05,1.19l-.03.59v.29s-.01.15-.01.15v.14h0v.11l.08,1.26.09,1.26c.05.42.13.83.2,1.25l.2,1.25c.06.42.2.82.31,1.22.55,2.97,1.61,5.9,3.24,8.53,1.62,2.62,3.72,4.98,6.18,6.91,2.46,1.92,5.28,3.43,8.28,4.4l2.29.61c.78.18,1.62.28,2.43.41l.61.09.54.04,1.07.06.54.03h.27s.14.03.14.03h.28l1.19-.05c6.32-.27,12.52-2.88,17.16-7.16,2.33-2.13,4.28-4.67,5.76-7.46.75-1.4,1.35-2.83,1.86-4.37l.36-1.18.18-.6c.05-.19.08-.36.11-.53l.23-1.05.11-.52.03-.13.05-.26.05-.29c.19-1.12-.17-2.91-.48-3.44-.31-.52-.6-.43-.85.01-.27.46-.52,1.27-.82,2.23-1.05,3.14-2.42,6.36-4.51,9.25-2.08,2.89-4.72,5.53-7.85,7.46-3.72,2.4-8.13,3.54-12.5,3.51h-.33s-.45-.04-.45-.04l-.89-.06-.89-.06c-.28-.04-.52-.09-.78-.14-.51-.1-1.02-.18-1.53-.28l-1.57-.43c-2.05-.68-4.07-1.52-5.85-2.75-1.79-1.21-3.47-2.59-4.84-4.26-1.38-1.65-2.62-3.43-3.48-5.42-.87-1.99-1.55-4.05-1.84-6.2l-.14-.8c-.04-.27-.04-.53-.06-.8l-.05-.81-.03-.41v-.2s-.03-.1-.03-.1v-.08h0s.05-1.71.05-1.71c.01-.29,0-.62.04-.88l.1-.77c.1-.51.14-.99.29-1.52l.43-1.54c.13-.52.38-1.01.55-1.5l.29-.75c.1-.25.24-.48.34-.73,1.46-3.05,3.61-5.76,6.21-7.9,2.64-2.1,5.71-3.62,8.97-4.42,6.54-1.64,13.74-.24,19.26,3.78,1.99,1.42,3.61,2.95,4.74,3.65-2.43,2.56-4.86,5.16-7.29,7.72-3.84,2.87-7.37,6.12-10.81,9.5-2.8-2.79-5.63-5.57-8.34-8.46-.32-.34-1.15-.55-1.53-.48-.77.11-.71.9-.38,1.81,1.12,3,3.2,5.91,5.63,8.57l3.21,3.53c.7.78,1.9.83,2.66.13l.13-.13c5.25-4.75,10.49-9.52,15.3-14.78l2.4-2.18c5-4.66,9.89-9.44,14.35-14.62,1.26-1.47,1.99-3.02,1.07-3.73-.84-.65-2.36-.24-3.85,1.07-2.69,2.36-5.4,4.73-7.93,7.26-1.06,1.07-2.1,2.15-3.15,3.24-.09-.28-.22-.57-.38-.89-.62-1.27-1.82-2.88-3.63-4.36-3.24-2.64-7.15-4.54-11.32-5.39l-1.55-.23-1.64-.18-1.48-.08h-.46s-.4.02-.4.02l-.8.03c-.54.04-1.07.01-1.59.1l-1.58.23-.79.11-.78.19-1.54.4c-6.58,1.99-12.26,6.63-15.54,12.59\"><\/path><\/svg><\/div>\n\n\n\n<div style=\"height:1rem\" aria-hidden=\"true\" class=\"wp-block-spacer\"><\/div>\n\n\n\n<p class=\"has-text-align-center has-su-white-color has-text-color has-link-color wp-elements-ab7514b0b38118cb7660ee4a8565580f\">Coachings\/ Gespr\u00e4chseinheiten via Zoom<\/p>\n\n\n\n<p class=\"has-text-align-center has-su-white-color has-text-color has-link-color wp-elements-9fe63b6a2ef55de7be5ce27e6d82b719\">6<\/p>\n\n\n\n<hr class=\"wp-block-separator has-text-color has-su-white-color has-alpha-channel-opacity has-su-white-background-color has-background su-width-100\" style=\"margin-top:1rem;margin-bottom:1rem\"\/>\n\n\n\n<h4 class=\"wp-block-heading has-text-align-center is-style-H4 su-no-padding has-su-white-color has-text-color has-link-color wp-elements-185f5c53a297fbcac5e986ca2ca88798\">In Portugal<\/h4>\n\n\n\n<p class=\"has-text-align-center has-su-white-color has-text-color has-link-color wp-elements-3b969594dd19b124ec0f158599572854\">Einzelcoachings<\/p>\n\n\n\n<p class=\"has-text-align-center has-su-white-color has-text-color has-link-color wp-elements-40637ee45ac3a5ed9dcacd43120d84ba\">3<\/p>\n\n\n\n<div style=\"height:1rem\" aria-hidden=\"true\" class=\"wp-block-spacer\"><\/div>\n\n\n\n<p class=\"has-text-align-center has-su-white-color has-text-color has-link-color wp-elements-9aa761d95257c698fa93e4af8a942eef\">Gruppencoachings pro Teilnehmer<\/p>\n\n\n\n<p class=\"has-text-align-center has-su-white-color has-text-color has-link-color wp-elements-40637ee45ac3a5ed9dcacd43120d84ba\">3<\/p>\n\n\n\n<hr class=\"wp-block-separator has-text-color has-su-white-color has-alpha-channel-opacity has-su-white-background-color has-background su-width-100\" style=\"margin-top:1rem;margin-bottom:1rem\"\/>\n\n\n\n<h4 class=\"wp-block-heading has-text-align-center is-style-H4 su-no-padding has-su-white-color has-text-color has-link-color wp-elements-e538a9713386cf638941506b11e580e7\">Nach Portugal<\/h4>\n\n\n\n<p class=\"has-text-align-center has-su-white-color has-text-color has-link-color wp-elements-ab7514b0b38118cb7660ee4a8565580f\">Coachings\/ Gespr\u00e4chseinheiten via Zoom<\/p>\n\n\n\n<p class=\"has-text-align-center has-su-white-color has-text-color has-link-color has-small-font-size wp-elements-6b84f98c420eab12f4467bc8f302131d\">Um die in Portugal erreichten Erkenntnisse in den Alltag zu integrieren und zu festigen.<\/p>\n\n\n\n<p class=\"has-text-align-center has-su-white-color has-text-color has-link-color wp-elements-9fe63b6a2ef55de7be5ce27e6d82b719\">6<\/p>\n\n\n\n<hr class=\"wp-block-separator has-text-color has-su-white-color has-alpha-channel-opacity has-su-white-background-color has-background su-width-100\" style=\"margin-top:1rem;margin-bottom:1rem\"\/>\n\n\n\n<p class=\"has-text-align-center is-style-quote-bold has-su-white-color has-text-color has-link-color wp-elements-005d1f179e8093c2c4a3e33b9e6f1dc2\">\u20ac2700<\/p>\n\n\n\n<hr class=\"wp-block-separator has-text-color has-su-white-color has-alpha-channel-opacity has-su-white-background-color has-background su-width-100\" style=\"margin-top:1rem;margin-bottom:1rem\"\/>\n<\/div><\/div>\n<\/div>\n\n\n\n<div style=\"height:4rem\" aria-hidden=\"true\" class=\"wp-block-spacer su-screen-only no-tablet\"><\/div>\n\n\n\n<div style=\"height:1rem\" aria-hidden=\"true\" class=\"wp-block-spacer su-tablet-mobile-only\"><\/div>\n\n\n\n<div class=\"wp-block-group is-style-section is-layout-flow wp-block-group-is-layout-flow\">\n<h2 class=\"wp-block-heading has-text-align-center\">Ablauf<\/h2>\n\n\n\n<div class=\"wp-block-columns su-display-flex-column-950 su-flex-direction-column is-layout-flex wp-container-core-columns-is-layout-28f84493 wp-block-columns-is-layout-flex\">\n<div class=\"wp-block-column is-layout-flow wp-block-column-is-layout-flow\" style=\"flex-basis:25%\">\n<div class=\"wp-block-susalu-plus-svg-container svg-container  \t\t\t \t\t\t\t\t\t\t\t\t}\" color=\"#FFEDCC\"><svg viewbox=\"0 0 428.06 720.5\" height=\"100%\" width=\"100%\" fill=\"#FFEDCC\" preserveaspectratio=\"none\" class=\"\"><clippath id=\"svg-container-path32d5984394ea68cp\"><use href=\"#svg-container-path32d5984394ea68shape\"><\/use><\/clippath><path id=\"svg-container-path32d5984394ea68shape\" d=\"m422.43,714.17c1.53-5.59-415.79-6.68-420.13,2.84C.94,715.66,5.03,15.34,4.46,8.06c3.04,4.85,422.41.66,418.81,10.1,6-3.35.55,701.14-.84,696.01Z\"><\/path><image class=\"shape\" clip-path=\"url(#svg-container-path32d5984394ea68cp)\" href=\"\/wp-content\/plugins\/susalu-plus\/assets\/svg\/svg-container\/paper.jpg\" width=\"100%\" height=\"100%\" preserveaspectratio=\"none\"><\/image><\/svg><div class=\"content-wrapper\">\n<div style=\"height:1rem\" aria-hidden=\"true\" class=\"wp-block-spacer\"><\/div>\n\n\n\n<p class=\"has-text-align-center\"><strong>Anreisetag<\/strong><\/p>\n\n\n\n<div style=\"height:1rem\" aria-hidden=\"true\" class=\"wp-block-spacer\"><\/div>\n\n\n\n<p class=\"has-text-align-center\">Begr\u00fc\u00dfung in Monte Queimadinho, gemeinsames Abendessen, Kennenlern- und Willkommens Ritual<\/p>\n\n\n\n<div style=\"height:3rem\" aria-hidden=\"true\" class=\"wp-block-spacer su-display-max-1200\"><\/div>\n\n\n\n<div style=\"height:20rem\" aria-hidden=\"true\" class=\"wp-block-spacer su-display-min-1200\"><\/div>\n<\/div><\/div>\n<\/div>\n\n\n\n<div class=\"wp-block-column is-layout-flow wp-block-column-is-layout-flow\" style=\"flex-basis:50%\">\n<div class=\"wp-block-susalu-plus-svg-container svg-container  \t\t\t stretchHeight\t\t\tshowBorder\t\t\t\t\t\t}\" color=\"#FFC866\"><svg viewbox=\"0 0 785.06 969.06\" height=\"100%\" width=\"100%\" fill=\"#FFC866\" preserveaspectratio=\"none\" class=\"\"><clippath id=\"svg-container-pathe2fc30eb4bbf6cp\"><use href=\"#svg-container-pathe2fc30eb4bbf6shape\"><\/use><\/clippath><path id=\"svg-container-pathe2fc30eb4bbf6shape\" d=\"m776.41,962.28c2.83-7.56-765.87-9.04-773.86,3.85C.03,964.3,7.55,16.16,6.51,6.3c5.6,6.57,778.07.89,771.44,13.67,11.05-4.54,1.01,949.26-1.54,942.32Z\"><\/path><image class=\"shape\" clip-path=\"url(#svg-container-pathe2fc30eb4bbf6cp)\" href=\"\/wp-content\/plugins\/susalu-plus\/assets\/svg\/svg-container\/paper.jpg\" width=\"100%\" height=\"100%\" preserveaspectratio=\"none\"><\/image><\/svg><div class=\"content-wrapper\">\n<div style=\"height:1rem\" aria-hidden=\"true\" class=\"wp-block-spacer\"><\/div>\n\n\n\n<p class=\"has-text-align-center\"><strong>Beispiel Tagesablauf<\/strong><\/p>\n\n\n\n<div style=\"height:1rem\" aria-hidden=\"true\" class=\"wp-block-spacer\"><\/div>\n\n\n\n<p class=\"has-text-align-center\">7 Tage mit t\u00e4glichen Coachings und Expeditionen, auch in die Natur und am Strand<\/p>\n\n\n\n<div style=\"height:2rem\" aria-hidden=\"true\" class=\"wp-block-spacer\"><\/div>\n\n\n\n<div class=\"wp-block-susalu-plus-agenda agenda-display\"><div class=\"agenda-item\"><img decoding=\"async\" src=\"\/wp-content\/plugins\/susalu-plus\/assets\/svg\/agenda\/icon-1.svg\" alt=\"Icon for 8\" class=\"agenda-item-icon\"\/><span class=\"agenda-item-time\">8:00-9:30<\/span><span class=\"agenda-item-title\">Yoga Asana, Pranayama und Meditation<\/span><\/div><div class=\"border\"><\/div><div class=\"agenda-item\"><img decoding=\"async\" src=\"\/wp-content\/plugins\/susalu-plus\/assets\/svg\/agenda\/icon-2.svg\" alt=\"Icon for 9\" class=\"agenda-item-icon\"\/><span class=\"agenda-item-time\">9:30-10:30<\/span><span class=\"agenda-item-title\">gemeinsames Fr\u00fchst\u00fcck (Smoothie\/ M\u00fcsli&amp; Obst)<\/span><\/div><div class=\"border\"><\/div><div class=\"agenda-item\"><img decoding=\"async\" src=\"\/wp-content\/plugins\/susalu-plus\/assets\/svg\/agenda\/icon-3.svg\" alt=\"Icon for 10\" class=\"agenda-item-icon\"\/><span class=\"agenda-item-time\">10:30-12:30<\/span><span class=\"agenda-item-title\">(Einzel und\/oder Gruppencoaching)<\/span><\/div><div class=\"border\"><\/div><div class=\"agenda-item\"><img decoding=\"async\" src=\"\/wp-content\/plugins\/susalu-plus\/assets\/svg\/agenda\/icon-6.svg\" alt=\"Icon for 13\" class=\"agenda-item-icon\"\/><span class=\"agenda-item-time\">13:00-14:00<\/span><span class=\"agenda-item-title\">Mittagessen<\/span><\/div><div class=\"border\"><\/div><div class=\"agenda-item\"><img decoding=\"async\" src=\"\/wp-content\/plugins\/susalu-plus\/assets\/svg\/agenda\/icon-7.svg\" alt=\"Icon for 14\" class=\"agenda-item-icon\"\/><span class=\"agenda-item-time\">14:00-15:30<\/span><span class=\"agenda-item-title\">Siesta<\/span><\/div><div class=\"border\"><\/div><div class=\"agenda-item\"><img decoding=\"async\" src=\"\/wp-content\/plugins\/susalu-plus\/assets\/svg\/agenda\/icon-8.svg\" alt=\"Icon for 15\" class=\"agenda-item-icon\"\/><span class=\"agenda-item-time\">15:30-19:00<\/span><span class=\"agenda-item-title\">Naturerfahrungen, Strandbesuche, Zeit zum Reflektieren und  zur Selbstobservation<\/span><\/div><div class=\"border\"><\/div><div class=\"agenda-item\"><img decoding=\"async\" src=\"\/wp-content\/plugins\/susalu-plus\/assets\/svg\/agenda\/icon-12.svg\" alt=\"Icon for 19\" class=\"agenda-item-icon\"\/><span class=\"agenda-item-time\">19:30<\/span><span class=\"agenda-item-title\">Abendessen<\/span><\/div><div class=\"border\"><\/div><div class=\"agenda-item\"><img decoding=\"async\" src=\"\/wp-content\/plugins\/susalu-plus\/assets\/svg\/agenda\/icon-13.svg\" alt=\"Icon for 20\" class=\"agenda-item-icon\"\/><span class=\"agenda-item-time\">20:30<\/span><span class=\"agenda-item-title\">Abschluss des Tages mit Meditation und Zirkel<\/span><\/div><\/div>\n\n\n\n<div style=\"height:2rem\" aria-hidden=\"true\" class=\"wp-block-spacer\"><\/div>\n<\/div><\/div>\n<\/div>\n\n\n\n<div class=\"wp-block-column is-layout-flow wp-block-column-is-layout-flow\" style=\"flex-basis:25%\">\n<div class=\"wp-block-susalu-plus-svg-container svg-container  \t\t\t \t\t\t\t\t\t\t\t\t}\" color=\"#FFEDCC\"><svg viewbox=\"0 0 431.06 720.44\" height=\"100%\" width=\"100%\" fill=\"#FFEDCC\" preserveaspectratio=\"none\" class=\"\"><clippath id=\"svg-container-pathd05f76af0323d8cp\"><use href=\"#svg-container-pathd05f76af0323d8shape\"><\/use><\/clippath><path id=\"svg-container-pathd05f76af0323d8shape\" d=\"m425.41,714.12c1.54-5.59-418.73-6.68-423.1,2.84C.94,715.61,5.05,15.3,4.48,8.01c3.06,4.85,425.4.66,421.77,10.1,6.04-3.35.55,701.14-.84,696.01Z\"><\/path><image class=\"shape\" clip-path=\"url(#svg-container-pathd05f76af0323d8cp)\" href=\"\/wp-content\/plugins\/susalu-plus\/assets\/svg\/svg-container\/paper.jpg\" width=\"100%\" height=\"100%\" preserveaspectratio=\"none\"><\/image><\/svg><div class=\"content-wrapper\">\n<div style=\"height:1rem\" aria-hidden=\"true\" class=\"wp-block-spacer\"><\/div>\n\n\n\n<p class=\"has-text-align-center\"><strong>Abreisetag<\/strong><\/p>\n\n\n\n<div style=\"height:1rem\" aria-hidden=\"true\" class=\"wp-block-spacer\"><\/div>\n\n\n\n<p class=\"has-text-align-center\">Yoga Asana, Pranayama und Medidation, gemeinsames Fr\u00fchst\u00fcck  und danach Verabschiedung<\/p>\n\n\n\n<div style=\"height:3rem\" aria-hidden=\"true\" class=\"wp-block-spacer su-display-max-1200\"><\/div>\n\n\n\n<div style=\"height:20rem\" aria-hidden=\"true\" class=\"wp-block-spacer su-display-min-1200\"><\/div>\n<\/div><\/div>\n<\/div>\n<\/div>\n<\/div>\n\n\n\n<div class=\"wp-block-group is-style-section-x is-layout-constrained wp-block-group-is-layout-constrained\">\n<div class=\"wp-block-susalu-plus-slides-controller-svg slider-controller-svg  dark\"><div class=\"slides\"><div class=\"modal-content\">\n<div class=\"wp-block-susalu-plus-svg-container svg-container  \t\t\t \t\t\t\t\t\t\t\t\t}\" color=\"#F4EEE8\"><svg viewbox=\"0 0 428.06 720.5\" height=\"100%\" width=\"100%\" fill=\"#F4EEE8\" preserveaspectratio=\"none\" class=\"\"><clippath id=\"svg-container-path7b431e9c993b2cp\"><use href=\"#svg-container-path7b431e9c993b2shape\"><\/use><\/clippath><path id=\"svg-container-path7b431e9c993b2shape\" d=\"m422.43,714.17c1.53-5.59-415.79-6.68-420.13,2.84C.94,715.66,5.03,15.34,4.46,8.06c3.04,4.85,422.41.66,418.81,10.1,6-3.35.55,701.14-.84,696.01Z\"><\/path><image class=\"shape\" clip-path=\"url(#svg-container-path7b431e9c993b2cp)\" href=\"\/wp-content\/plugins\/susalu-plus\/assets\/svg\/svg-container\/paper.jpg\" width=\"100%\" height=\"100%\" preserveaspectratio=\"none\"><\/image><\/svg><div class=\"content-wrapper\">\n<p class=\"has-text-align-center is-style-quote\">\u201e...der Ausblick, das Meeresrauschen und dieses wundervolle Grundst\u00fcck mit seiner vielseitigen Natur bilden einen wundersch\u00f6nen Rahmen f\u00fcr Coachings. Das Haus l\u00e4dt zum Tr\u00e4umen, Lernen und Nachdenken ein. Das gemeinsame Kochen war ein Highlight f\u00fcr mich.\nDas Auseinandersetzen mit meinen Seinspotenzialen vor allem im Bezug auf andere er\u00f6ffneten mir neue Sichtweisen. Deine mitf\u00fchlende Art liebe Susa und deine gezielten Fragen halfen mir mich wieder ein St\u00fcck besser zu verstehen und kennenzulernen. Vielen Dank f\u00fcr die gemeinsame Reise.\u201d<\/p>\n\n\n\n<p class=\"has-text-align-center has-su-white-color has-text-color\"><quote-author class=\"paragraph-quote-author\">Gina B.<\/quote-author><\/p>\n<\/div><\/div>\n\n\n\n<div class=\"wp-block-susalu-plus-svg-container svg-container  \t\t\t \t\t\t\t\t\t\t\t\t}\" color=\"#F4EEE8\"><svg viewbox=\"0 0 428.06 720.5\" height=\"100%\" width=\"100%\" fill=\"#F4EEE8\" preserveaspectratio=\"none\" class=\"\"><clippath id=\"svg-container-path837f50fcfd2fcp\"><use href=\"#svg-container-path837f50fcfd2fshape\"><\/use><\/clippath><path id=\"svg-container-path837f50fcfd2fshape\" d=\"m422.43,714.17c1.53-5.59-415.79-6.68-420.13,2.84C.94,715.66,5.03,15.34,4.46,8.06c3.04,4.85,422.41.66,418.81,10.1,6-3.35.55,701.14-.84,696.01Z\"><\/path><image class=\"shape\" clip-path=\"url(#svg-container-path837f50fcfd2fcp)\" href=\"\/wp-content\/plugins\/susalu-plus\/assets\/svg\/svg-container\/paper.jpg\" width=\"100%\" height=\"100%\" preserveaspectratio=\"none\"><\/image><\/svg><div class=\"content-wrapper\">\n<p class=\"has-text-align-center is-style-quote\">\u201eIch bin aus tiefstem Herzen dankbar f\u00fcr diese Woche in Portugal im Fr\u00fchjar, an einem traumhaften Ort, mit 4 wundervollen Frauen. Es war soviel mehr,als einfach nur Kraft tanken sondern ein unvergesslicher Austauschauf einer ganz tiefen und gleichzeitig hohen, befl\u00fcgelten Ebene die diese Zeit so unvergesslich machen. In deinem so wunderbaren und liebevoll eingerichtetem Haus und Garten, vor allem die Yogaplattform hatte es mir angetan, f\u00fchlte ich mich sofort Willkommen und die Terasse mit Meerblick lud beim Fr\u00fchst\u00fcck zum Verweilen ein und ins tiefe Eintauchen unserer Seinspotenziale und unserer Seelen. Unser gemeinsames Kochen mit frischen, regionalen Produkten, auch vegan :), waren ein absolutes Highlight am Abend. Nicht zu vergessen die Smoothies tags\u00fcber. Ah, da waren noch die gemeinsamen Spazierg\u00e4nge an der Atlantikk\u00fcste und das Baden in dem Fr\u00fchjahrskaltem Atlantik. Ein Traum.\u201d<\/p>\n\n\n\n<p class=\"has-text-align-center has-su-white-color has-text-color\"><quote-author class=\"paragraph-quote-author\">Wiebke B.<\/quote-author><\/p>\n<\/div><\/div>\n\n\n\n<div class=\"wp-block-susalu-plus-svg-container svg-container  \t\t\t \t\t\t\t\t\t\t\t\t}\" color=\"#F4EEE8\"><svg viewbox=\"0 0 428.06 720.5\" height=\"100%\" width=\"100%\" fill=\"#F4EEE8\" preserveaspectratio=\"none\" class=\"\"><clippath id=\"svg-container-pathb93bb9a54451a8cp\"><use href=\"#svg-container-pathb93bb9a54451a8shape\"><\/use><\/clippath><path id=\"svg-container-pathb93bb9a54451a8shape\" d=\"m422.43,714.17c1.53-5.59-415.79-6.68-420.13,2.84C.94,715.66,5.03,15.34,4.46,8.06c3.04,4.85,422.41.66,418.81,10.1,6-3.35.55,701.14-.84,696.01Z\"><\/path><image class=\"shape\" clip-path=\"url(#svg-container-pathb93bb9a54451a8cp)\" href=\"\/wp-content\/plugins\/susalu-plus\/assets\/svg\/svg-container\/paper.jpg\" width=\"100%\" height=\"100%\" preserveaspectratio=\"none\"><\/image><\/svg><div class=\"content-wrapper\">\n<p class=\"has-text-align-center is-style-quote\">\u201e\u2764\ufe0flichen Dank f\u00fcr die liebevolle Gastfreundschaft liebe Susa in deinem wundervollen Haus und der weite Blick aufs Meer. Das Kennenlernen war wie das nach Hause kommen nach einer langen Irrfahrt.  Eine Wohlf\u00fchloase f\u00fcr unser 4er Retreat. Vier ganz unterschiedliche Menschen, jeder in seinerm Sein und doch war keiner von uns fremd dem Gegen\u00fcber. Ehrlichkeit, Offenheit und Achtsamkeit begegneten wir uns  miteinander in vielen  Gespr\u00e4chen.  Es war ein ganz besonderes \ud83c\udf81 zusammen die SP's zu durchleuchten.  Vegetarisch zu kochen., gesunde Smothies zu geniessen und dann noch die Meeresbrise am Atlantik zu sp\u00fcren, zu baden, traumhafte Sonnenunterg\u00e4nge uvm. Ein Fest der Sinne\u201d<\/p>\n\n\n\n<p class=\"has-text-align-center has-su-white-color has-text-color\"><quote-author class=\"paragraph-quote-author\">Iris R.<\/quote-author><\/p>\n<\/div><\/div>\n<a class=\"prev\"><\/a><a class=\"next\"><\/a><\/div><\/div><\/div>\n<\/div>","protected":false},"excerpt":{"rendered":"<p>Here, you have the opportunity to embark on one of the most exciting journeys of your life. The adventure of exploring yourself, encountering your potential for being, and being guided in integrating these into your life and fully drawing from them. I invite you to come into a place of calm, to open a space [&hellip;]<\/p>","protected":false},"author":1,"featured_media":630,"template":"","meta":{"og_title":"","og_description":"","og_image":"","og_override_image":false},"categories":[],"tags":[],"class_list":["post-509","retreat","type-retreat","status-publish","has-post-thumbnail","hentry"],"yoast_head":"<!-- This site is optimized with the Yoast SEO plugin v26.4 - https:\/\/yoast.com\/wordpress\/plugins\/seo\/ -->\n<title>Transformation &amp; Motivation Coaching Retreats in Portugal<\/title>\n<meta name=\"description\" content=\"Experience personalized coaching, yoga, and meditation in a serene retreat on the coast of Portugal.\" \/>\n<meta name=\"robots\" content=\"index, follow, max-snippet:-1, max-image-preview:large, max-video-preview:-1\" \/>\n<link rel=\"canonical\" href=\"https:\/\/susalu.pt\/de\/Retreat\/coaching-retreats\/\" \/>\n<meta property=\"og:locale\" content=\"de_DE\" \/>\n<meta property=\"og:type\" content=\"article\" \/>\n<meta property=\"og:title\" content=\"Transformation &amp; Motivation Coaching Retreats in Portugal\" \/>\n<meta property=\"og:description\" content=\"Experience personalized coaching, yoga, and meditation in a serene retreat on the coast of Portugal.\" \/>\n<meta property=\"og:url\" content=\"https:\/\/susalu.pt\/de\/Retreat\/coaching-retreats\/\" \/>\n<meta property=\"og:site_name\" content=\"Susa Lu\" \/>\n<meta property=\"article:modified_time\" content=\"2025-12-15T10:56:19+00:00\" \/>\n<meta property=\"og:image\" content=\"https:\/\/susalu.pt\/wp-content\/uploads\/2024\/07\/coaching-retreats-1-scaled.jpg\" \/>\n\t<meta property=\"og:image:width\" content=\"1701\" \/>\n\t<meta property=\"og:image:height\" content=\"2560\" \/>\n\t<meta property=\"og:image:type\" content=\"image\/jpeg\" \/>\n<script type=\"application\/ld+json\" class=\"yoast-schema-graph\">{\"@context\":\"https:\/\/schema.org\",\"@graph\":[{\"@type\":\"WebPage\",\"@id\":\"https:\/\/susalu.pt\/Retreat\/coaching-retreats\/\",\"url\":\"https:\/\/susalu.pt\/Retreat\/coaching-retreats\/\",\"name\":\"Transformation & Motivation Coaching Retreats in Portugal\",\"isPartOf\":{\"@id\":\"https:\/\/susalu.pt\/#website\"},\"primaryImageOfPage\":{\"@id\":\"https:\/\/susalu.pt\/Retreat\/coaching-retreats\/#primaryimage\"},\"image\":{\"@id\":\"https:\/\/susalu.pt\/Retreat\/coaching-retreats\/#primaryimage\"},\"thumbnailUrl\":\"https:\/\/susalu.pt\/wp-content\/uploads\/2024\/07\/coaching-retreats-1-scaled.jpg\",\"datePublished\":\"2024-07-31T16:10:07+00:00\",\"dateModified\":\"2025-12-15T10:56:19+00:00\",\"description\":\"Experience personalized coaching, yoga, and meditation in a serene retreat on the coast of Portugal.\",\"breadcrumb\":{\"@id\":\"https:\/\/susalu.pt\/Retreat\/coaching-retreats\/#breadcrumb\"},\"inLanguage\":\"de\",\"potentialAction\":[{\"@type\":\"ReadAction\",\"target\":[\"https:\/\/susalu.pt\/Retreat\/coaching-retreats\/\"]}]},{\"@type\":\"ImageObject\",\"inLanguage\":\"de\",\"@id\":\"https:\/\/susalu.pt\/Retreat\/coaching-retreats\/#primaryimage\",\"url\":\"https:\/\/susalu.pt\/wp-content\/uploads\/2024\/07\/coaching-retreats-1-scaled.jpg\",\"contentUrl\":\"https:\/\/susalu.pt\/wp-content\/uploads\/2024\/07\/coaching-retreats-1-scaled.jpg\",\"width\":1701,\"height\":2560},{\"@type\":\"BreadcrumbList\",\"@id\":\"https:\/\/susalu.pt\/Retreat\/coaching-retreats\/#breadcrumb\",\"itemListElement\":[{\"@type\":\"ListItem\",\"position\":1,\"name\":\"Startseite\",\"item\":\"https:\/\/susalu.pt\/\"},{\"@type\":\"ListItem\",\"position\":2,\"name\":\"Retreats\",\"item\":\"https:\/\/susalu.pt\/Retreat\/\"},{\"@type\":\"ListItem\",\"position\":3,\"name\":\"Coaching Retreats\"}]},{\"@type\":\"WebSite\",\"@id\":\"https:\/\/susalu.pt\/#website\",\"url\":\"https:\/\/susalu.pt\/\",\"name\":\"Susa Lu\",\"description\":\"\",\"publisher\":{\"@id\":\"https:\/\/susalu.pt\/#organization\"},\"potentialAction\":[{\"@type\":\"SearchAction\",\"target\":{\"@type\":\"EntryPoint\",\"urlTemplate\":\"https:\/\/susalu.pt\/?s={search_term_string}\"},\"query-input\":{\"@type\":\"PropertyValueSpecification\",\"valueRequired\":true,\"valueName\":\"search_term_string\"}}],\"inLanguage\":\"de\"},{\"@type\":\"Organization\",\"@id\":\"https:\/\/susalu.pt\/#organization\",\"name\":\"Susa Lu\",\"url\":\"https:\/\/susalu.pt\/\",\"logo\":{\"@type\":\"ImageObject\",\"inLanguage\":\"de\",\"@id\":\"https:\/\/susalu.pt\/#\/schema\/logo\/image\/\",\"url\":\"https:\/\/susalu.pt\/wp-content\/uploads\/2024\/08\/logo-susa-lu.png\",\"contentUrl\":\"https:\/\/susalu.pt\/wp-content\/uploads\/2024\/08\/logo-susa-lu.png\",\"width\":333,\"height\":409,\"caption\":\"Susa Lu\"},\"image\":{\"@id\":\"https:\/\/susalu.pt\/#\/schema\/logo\/image\/\"}}]}<\/script>\n<!-- \/ Yoast SEO plugin. -->","yoast_head_json":{"title":"Transformation & Motivation Coaching Retreats in Portugal","description":"Experience personalized coaching, yoga, and meditation in a serene retreat on the coast of Portugal.","robots":{"index":"index","follow":"follow","max-snippet":"max-snippet:-1","max-image-preview":"max-image-preview:large","max-video-preview":"max-video-preview:-1"},"canonical":"https:\/\/susalu.pt\/de\/Retreat\/coaching-retreats\/","og_locale":"de_DE","og_type":"article","og_title":"Transformation & Motivation Coaching Retreats in Portugal","og_description":"Experience personalized coaching, yoga, and meditation in a serene retreat on the coast of Portugal.","og_url":"https:\/\/susalu.pt\/de\/Retreat\/coaching-retreats\/","og_site_name":"Susa Lu","article_modified_time":"2025-12-15T10:56:19+00:00","og_image":[{"width":1701,"height":2560,"url":"https:\/\/susalu.pt\/wp-content\/uploads\/2024\/07\/coaching-retreats-1-scaled.jpg","type":"image\/jpeg"}],"schema":{"@context":"https:\/\/schema.org","@graph":[{"@type":"WebPage","@id":"https:\/\/susalu.pt\/Retreat\/coaching-retreats\/","url":"https:\/\/susalu.pt\/Retreat\/coaching-retreats\/","name":"Transformation & Motivation Coaching Retreats in Portugal","isPartOf":{"@id":"https:\/\/susalu.pt\/#website"},"primaryImageOfPage":{"@id":"https:\/\/susalu.pt\/Retreat\/coaching-retreats\/#primaryimage"},"image":{"@id":"https:\/\/susalu.pt\/Retreat\/coaching-retreats\/#primaryimage"},"thumbnailUrl":"https:\/\/susalu.pt\/wp-content\/uploads\/2024\/07\/coaching-retreats-1-scaled.jpg","datePublished":"2024-07-31T16:10:07+00:00","dateModified":"2025-12-15T10:56:19+00:00","description":"Experience personalized coaching, yoga, and meditation in a serene retreat on the coast of Portugal.","breadcrumb":{"@id":"https:\/\/susalu.pt\/Retreat\/coaching-retreats\/#breadcrumb"},"inLanguage":"de","potentialAction":[{"@type":"ReadAction","target":["https:\/\/susalu.pt\/Retreat\/coaching-retreats\/"]}]},{"@type":"ImageObject","inLanguage":"de","@id":"https:\/\/susalu.pt\/Retreat\/coaching-retreats\/#primaryimage","url":"https:\/\/susalu.pt\/wp-content\/uploads\/2024\/07\/coaching-retreats-1-scaled.jpg","contentUrl":"https:\/\/susalu.pt\/wp-content\/uploads\/2024\/07\/coaching-retreats-1-scaled.jpg","width":1701,"height":2560},{"@type":"BreadcrumbList","@id":"https:\/\/susalu.pt\/Retreat\/coaching-retreats\/#breadcrumb","itemListElement":[{"@type":"ListItem","position":1,"name":"Startseite","item":"https:\/\/susalu.pt\/"},{"@type":"ListItem","position":2,"name":"Retreats","item":"https:\/\/susalu.pt\/Retreat\/"},{"@type":"ListItem","position":3,"name":"Coaching Retreats"}]},{"@type":"WebSite","@id":"https:\/\/susalu.pt\/#website","url":"https:\/\/susalu.pt\/","name":"Susa Lu","description":"","publisher":{"@id":"https:\/\/susalu.pt\/#organization"},"potentialAction":[{"@type":"SearchAction","target":{"@type":"EntryPoint","urlTemplate":"https:\/\/susalu.pt\/?s={search_term_string}"},"query-input":{"@type":"PropertyValueSpecification","valueRequired":true,"valueName":"search_term_string"}}],"inLanguage":"de"},{"@type":"Organization","@id":"https:\/\/susalu.pt\/#organization","name":"Susa Lu","url":"https:\/\/susalu.pt\/","logo":{"@type":"ImageObject","inLanguage":"de","@id":"https:\/\/susalu.pt\/#\/schema\/logo\/image\/","url":"https:\/\/susalu.pt\/wp-content\/uploads\/2024\/08\/logo-susa-lu.png","contentUrl":"https:\/\/susalu.pt\/wp-content\/uploads\/2024\/08\/logo-susa-lu.png","width":333,"height":409,"caption":"Susa Lu"},"image":{"@id":"https:\/\/susalu.pt\/#\/schema\/logo\/image\/"}}]}},"_links":{"self":[{"href":"https:\/\/susalu.pt\/de\/wp-json\/wp\/v2\/retreat\/509","targetHints":{"allow":["GET"]}}],"collection":[{"href":"https:\/\/susalu.pt\/de\/wp-json\/wp\/v2\/retreat"}],"about":[{"href":"https:\/\/susalu.pt\/de\/wp-json\/wp\/v2\/types\/retreat"}],"author":[{"embeddable":true,"href":"https:\/\/susalu.pt\/de\/wp-json\/wp\/v2\/users\/1"}],"wp:featuredmedia":[{"embeddable":true,"href":"https:\/\/susalu.pt\/de\/wp-json\/wp\/v2\/media\/630"}],"wp:attachment":[{"href":"https:\/\/susalu.pt\/de\/wp-json\/wp\/v2\/media?parent=509"}],"wp:term":[{"taxonomy":"category","embeddable":true,"href":"https:\/\/susalu.pt\/de\/wp-json\/wp\/v2\/categories?post=509"},{"taxonomy":"post_tag","embeddable":true,"href":"https:\/\/susalu.pt\/de\/wp-json\/wp\/v2\/tags?post=509"}],"curies":[{"name":"wp","href":"https:\/\/api.w.org\/{rel}","templated":true}]}}